{"id":85,"date":"2018-05-22T12:22:35","date_gmt":"2018-05-22T15:22:35","guid":{"rendered":"http:\/\/pesquisa.ifg.edu.br\/laboratoriodoensinodehistoria\/?page_id=85"},"modified":"2018-11-15T18:59:54","modified_gmt":"2018-11-15T20:59:54","slug":"projetos-de-implementacao","status":"publish","type":"page","link":"https:\/\/pesquisa.ifg.edu.br\/laboratoriodoensinodehistoria\/projetos-home\/projetos-de-implementacao\/","title":{"rendered":"Projetos de Implementa\u00e7\u00e3o"},"content":{"rendered":"<p>&nbsp;<\/p>\n<hr \/>\n<h6 style=\"text-align: justify\"><span style=\"color: #000080\"><strong>Projeto de Implementa\u00e7\u00e3o Amplo<\/strong><\/span><\/h6>\n<p style=\"text-align: justify\"><span style=\"text-decoration: underline\">Coordena\u00e7\u00e3o<\/span>: Prof.\u00aa Dr.\u00aa Maria Abadia Cardoso<\/p>\n<p style=\"text-align: justify\"><span style=\"text-decoration: underline\">Modalidade<\/span>: Constru\u00e7\u00e3o de acervo escrito e\/ou oral para o Laborat\u00f3rio do Ensino de Hist\u00f3ria (LEHIS \u2013 IFG)<\/p>\n<p style=\"text-align: justify\"><span style=\"text-decoration: underline\">Tema<\/span>: A Ditadura Civil-Militar (1964-1985) e as possibilidades investigativas para o Ensino de Hist\u00f3ria do tempo presente: abordagens e\/ou percep\u00e7\u00f5es constru\u00eddas pelos professores de hist\u00f3ria, livros e materiais did\u00e1ticos, desafios tem\u00e1ticos e materiais did\u00e1ticos- pedag\u00f3gicos.<\/p>\n<p style=\"text-align: justify\">Importante salientar que esse projeto mais amplo se desdobrou em tr\u00eas subprojetos, os quais ser\u00e3o desenvolvidos como Trabalho de Conclus\u00e3o de Curso (TCC), na modalidade de Projeto de Implementa\u00e7\u00e3o:<\/p>\n<p style=\"text-align: justify\"><span style=\"text-decoration: underline\">Subtemas e possibilidades<\/span>:<\/p>\n<ul>\n<li style=\"text-align: justify\">Percep\u00e7\u00f5es e\/ou abordagens constru\u00eddas pelos professores de Hist\u00f3ria:<\/li>\n<\/ul>\n<p style=\"text-align: justify\">A Ditadura Civil-Militar no Brasil (1964-1985) e as possibilidades investigativas para o Ensino de Hist\u00f3ria do Tempo Presente: as percep\u00e7\u00f5es e\/ou abordagens constru\u00eddas pelos professores de Hist\u00f3ria e escolas p\u00fablicas de Goi\u00e2nia-GO ( trabalho desenvolvido pelo estudante Dorival da Costa Santos).<\/p>\n<ul style=\"text-align: justify\">\n<li>An\u00e1lise de livros e materiais did\u00e1ticos sobre a tem\u00e1tica da Ditadura Civil-Militar:<\/li>\n<\/ul>\n<p style=\"text-align: justify\">Fotografia e Ensino de Hist\u00f3ria (trabalho desenvolvido pelo estudante Renato Santiago Kaminishi).<\/p>\n<ul style=\"text-align: justify\">\n<li>Concep\u00e7\u00e3o e desenvolvimento de materiais did\u00e1tico-pedag\u00f3gicos para o tratamento da tem\u00e1tica da Ditadura Civil-Militar em sala de aula:<\/li>\n<\/ul>\n<p style=\"text-align: justify\">A ditadura civil-militar (1964-1985) e as possibilidades investigativas para o Ensino de Hist\u00f3ria do tempo presente: o uso do filme \u201cQue bom te ver viva\u201d em sala de aula (trabalho desenvolvido pela estudante Jord\u00e2nia Pereira da Silva Gomes).<\/p>\n","protected":false},"excerpt":{"rendered":"<p>&nbsp; Projeto de Implementa\u00e7\u00e3o Amplo Coordena\u00e7\u00e3o: Prof.\u00aa Dr.\u00aa Maria Abadia Cardoso Modalidade: Constru\u00e7\u00e3o de acervo escrito e\/ou oral para o Laborat\u00f3rio do Ensino de Hist\u00f3ria (LEHIS \u2013 IFG) Tema: A Ditadura Civil-Militar (1964-1985) e as possibilidades investigativas para o Ensino&#8230;<br \/><a class=\"read-more-button\" href=\"https:\/\/pesquisa.ifg.edu.br\/laboratoriodoensinodehistoria\/projetos-home\/projetos-de-implementacao\/\">Read more<\/a><\/p>\n","protected":false},"author":34,"featured_media":0,"parent":72,"menu_order":0,"comment_status":"closed","ping_status":"closed","template":"","meta":{"_monsterinsights_skip_tracking":false,"_monsterinsights_sitenote_active":false,"_monsterinsights_sitenote_note":"","_monsterinsights_sitenote_category":0,"footnotes":""},"class_list":["post-85","page","type-page","status-publish","hentry"],"_links":{"self":[{"href":"https:\/\/pesquisa.ifg.edu.br\/laboratoriodoensinodehistoria\/wp-json\/wp\/v2\/pages\/85"}],"collection":[{"href":"https:\/\/pesquisa.ifg.edu.br\/laboratoriodoensinodehistoria\/wp-json\/wp\/v2\/pages"}],"about":[{"href":"https:\/\/pesquisa.ifg.edu.br\/laboratoriodoensinodehistoria\/wp-json\/wp\/v2\/types\/page"}],"author":[{"embeddable":true,"href":"https:\/\/pesquisa.ifg.edu.br\/laboratoriodoensinodehistoria\/wp-json\/wp\/v2\/users\/34"}],"replies":[{"embeddable":true,"href":"https:\/\/pesquisa.ifg.edu.br\/laboratoriodoensinodehistoria\/wp-json\/wp\/v2\/comments?post=85"}],"version-history":[{"count":15,"href":"https:\/\/pesquisa.ifg.edu.br\/laboratoriodoensinodehistoria\/wp-json\/wp\/v2\/pages\/85\/revisions"}],"predecessor-version":[{"id":391,"href":"https:\/\/pesquisa.ifg.edu.br\/laboratoriodoensinodehistoria\/wp-json\/wp\/v2\/pages\/85\/revisions\/391"}],"up":[{"embeddable":true,"href":"https:\/\/pesquisa.ifg.edu.br\/laboratoriodoensinodehistoria\/wp-json\/wp\/v2\/pages\/72"}],"wp:attachment":[{"href":"https:\/\/pesquisa.ifg.edu.br\/laboratoriodoensinodehistoria\/wp-json\/wp\/v2\/media?parent=85"}],"curies":[{"name":"wp","href":"https:\/\/api.w.org\/{rel}","templated":true}]}}